{"id":1679,"date":"2021-09-20T15:29:17","date_gmt":"2021-09-20T15:29:17","guid":{"rendered":"https:\/\/gpcg.pt\/icgi2021\/?page_id=1679"},"modified":"2022-11-07T13:51:02","modified_gmt":"2022-11-07T13:51:02","slug":"program","status":"publish","type":"page","link":"https:\/\/gpcg.pt\/icgi2022\/program\/","title":{"rendered":"Program"},"content":{"rendered":"\n<p><\/p>\n\n\n\n<figure class=\"wp-block-image size-large\"><img loading=\"lazy\" decoding=\"async\" width=\"1024\" height=\"683\" src=\"https:\/\/gpcg.pt\/icgi2022\/wp-content\/uploads\/2022\/11\/IMG_0255-1024x683.jpg\" alt=\"\" class=\"wp-image-2618\" srcset=\"https:\/\/gpcg.pt\/icgi2022\/wp-content\/uploads\/2022\/11\/IMG_0255-1024x683.jpg 1024w, https:\/\/gpcg.pt\/icgi2022\/wp-content\/uploads\/2022\/11\/IMG_0255-300x200.jpg 300w, https:\/\/gpcg.pt\/icgi2022\/wp-content\/uploads\/2022\/11\/IMG_0255-768x512.jpg 768w, https:\/\/gpcg.pt\/icgi2022\/wp-content\/uploads\/2022\/11\/IMG_0255-1536x1024.jpg 1536w, https:\/\/gpcg.pt\/icgi2022\/wp-content\/uploads\/2022\/11\/IMG_0255-2048x1365.jpg 2048w\" sizes=\"auto, (max-width: 1024px) 100vw, 1024px\" \/><\/figure>\n\n\n\n<hr class=\"wp-block-separator has-alpha-channel-opacity\"\/>\n\n\n\n<h2 class=\"wp-block-heading\">Overview<\/h2>\n\n\n\n<p>(<a href=\"#detailed\" data-type=\"internal\" data-id=\"#detailed\">see detailed version below<\/a>)<\/p>\n\n\n\n<h3 class=\"wp-block-heading\">All sessions will take place at DeCa, University of Aveiro.<\/h3>\n\n\n\n<style>\n* {\n  font-family: \"Open Sans\", Helvetica, Arial, sans-serif; \/* Change your font family *\/\n}\n\n.content-table {\n  border-collapse: collapse;\n  margin: 25px 0;\n  font-size: 0.8em;\n  min-width: 200px;\n  border-radius: 5px 5px 0 0;\n  overflow: hidden;\n  box-shadow: 0 0 20px rgba(0, 0, 0, 0.15);\n  border: 3px solid #ffffff;\n}\n\n.content-table thead tr {\n  background-image: linear-gradient(to right, rgba(186,83,2,255), rgba(193,136,86,255) );\n  color: #ffffff;\n  text-align: left;\n  font-weight: bold;\n  border: 3px solid #ffffff;\n}\n\n.content-table td {\n   padding: 7px 15px;\n   border-radius: 2px;\n   border: 1px solid rgba(255,255,255,0.3);\n}\n\n.content-table th {\n   padding: 6px 15px;\n   text-align: center;\n}\n\n.content-table tbody tr {\n  border: 0px solid rgba(186,83,2,255);\n}\n\n.content-table tbody tr:last-of-type {\n  border-bottom: 1px solid rgba(239,23,95,1);\n}\n\n.content-table tbody tr.active-row {\n  font-weight: bold;\n  color: #009879;\n}\n\n.break{  background-color: rgba(100,100,100,0.2) \/*rgba(139,25,138,0.5)*\/ ; color: black; }\n.invited {  font-weight: bold; background-color: rgba(111,142,4,255);  color: white; }\n.short, .long, .journal {  background-color: white; }\n.other {   font-weight: bold; background-color: rgba(180,214,66,255); color: white; }\n.session {   font-weight: bold; color: white;  background-color: rgba(127,199,67,255); }\n.meeting  {   font-weight: bold; background-color: rgba(195,219,114,255);  color: white; }\n\n.content-table a, .content-table a:hover, .content-table a:visited \n{color: #FFF; }\n\/*.invited a, .invited a:hover, .invited a:visited {color: #FBB; }*\/\n\n.talktitle {font-weight: normal;}\n\n<\/style>\n\n\n\n<div class=\"wp-block-columns is-layout-flex wp-container-core-columns-is-layout-9d6595d7 wp-block-columns-is-layout-flex\">\n<div class=\"wp-block-column is-layout-flow wp-block-column-is-layout-flow\">\n<table class=\"content-table\"><thead><tr><th colspan=\"2\">Thursday, November 3 2022<\/th><\/tr><\/thead><tbody>\n\n<tr class=\"break\" style=\"height: 30px;\"><td>08:30<\/td><td>Reception <\/td><\/tr>\n\n<tr class=\"other\" style=\"height: 15px;\">\n<td>09:00<\/td><td>Opening Session <\/td><\/tr>\n\n<tr class=\"session\" style=\"height: 80px;\"><td>09:20<\/td><td><a href=\"#session1\">Session 1: Visualization and Interaction<\/a><\/td><\/tr>\n\n<tr class=\"break\" style=\"height: 30px;\"><td>10:40<\/td><td>Coffee Break <\/td><\/tr>\n\n<tr class=\"session\" style=\"height: 85px;\"><td>11:00<\/td><td><a href=\"#session1\">Session 2: Virtual and Augmented reality I<\/a><\/td><\/tr>\n\n<tr class=\"break\" style=\"height: 90px;\"><td>12:30<\/td><td>Lunch break <\/td><\/tr>\n\n<tr class=\"other\" style=\"height: 30px;\"><td>14:15<\/td><td>Jos\u00e9 Lu\u00eds Encarna\u00e7\u00e3o Award <\/td><\/tr>\n\n<tr class=\"invited\" style=\"height: 60px;\"><td>15:00<\/td><td><a href=\"..\/keynote-speakers#plopes\">Keynote: Sergi Berm\u00fadez I Badia <br> <span class=\"talktitle\"><\/span><\/a><\/td><\/tr>\n\n<tr class=\"break\" style=\"height: 30px;\"><td>15:45<\/td><td>Coffee Break \/ Posters <\/td><\/tr>\n\n<tr class=\"session\" style=\"height: 90px;\"><td>16:15<\/td><td><a href=\"#session3\">Session 3: Computer Vision and Image Processing<\/a><\/td><\/tr>\n\n<tr class=\"meeting\" style=\"height: 90px;\"><td>18:00<\/td><td>GPCG General Assembly (members only) <\/td><\/tr>\n\n<tr class=\"other\" style=\"height: 60px;\"><td>20:30<\/td><td><a href=\"..\/social\">Social Event @ M\u00e9lia Ria&#8221;<\/a><\/td><\/tr>\n\n<\/tbody><\/table>\n<\/div>\n\n\n\n<div class=\"wp-block-column is-layout-flow wp-block-column-is-layout-flow\">\n<table class=\"content-table\"><thead><tr><th colspan=\"2\">Friday, November 4 2022<\/th><\/tr><\/thead><tbody>\n\n<tr class=\"session\" style=\"height: 100px;\"><td>09:15<\/td><td><a href=\"#session4\">Session 4: Computer Graphics &amp; Games<\/a><\/td><\/tr>\n\n<tr class=\"break\" style=\"height: 30px;\"><td>10:45<\/td><td>Coffee Break \/ Posters <\/td><\/tr>\n\n<tr class=\"invited\" style=\"height: 60px;\"><td>11:15<\/td><td><a href=\"..\/keynote-speakers#bss\">Keynote: Abel Gomes\n<br><span class=\"talktitle\"><\/span><\/a><\/td><\/tr>\n\n<tr class=\"break\" style=\"height: 90px;\"><td>12:15<\/td><td>Lunch break <\/td><\/tr>\n\n<tr class=\"session\" style=\"height: 90px;\"><td>14:15<\/td><td><a href=\"#session6\">Session 5:  Virtual and Augmented Reality II<\/a><\/td><\/tr>\n\n<tr class=\"other\" style=\"height: 30px;\"><td>16:00<\/td><td>Awards and closing session <\/td><\/tr>\n\n<\/tbody><\/table>\n<\/div>\n<\/div>\n\n\n\n<hr class=\"wp-block-separator has-alpha-channel-opacity\"\/>\n\n\n\n<h2 class=\"wp-block-heading\" id=\"detailed\">Detailed Program<\/h2>\n\n\n\n<p>Presentation times:<br>&#8211; journal and long papers: 15 min + 5 min Q&amp;A<br>&#8211; short papers: 10 min + 5 min Q&amp;A<\/p>\n\n\n\n<h3 class=\"wp-block-heading\">Day 1 &#8211; Thursday, November 3<\/h3>\n\n\n\n<table class=\"content-table2\"><tbody><tr class=\"break\" style=\"height: 30px;\"><td>08:30<\/td><td>Reception <\/td><\/tr>\n   \n         \n<tr class=\"other\" style=\"height: 15px;\"><td>09:00<\/td><td>Opening Session <\/td><\/tr>\n<tr id=\"session1\" class=\"session\" style=\"height: px;\"><td>09:20<\/td><td>Session 1: Visualization and Interaction<p>Chair: Nelson Zagalo <\/p><\/td><\/tr>\n<tr class=\"long\"><td><\/td><td> <b>Examining User Preferences based on Personality Factors in Graphical User Interface Design  <\/b><span>long<\/span><br>Tom\u00e1s Alves, Daniel Gon\u00e7alves, Joana Henriques Calado and Sandra Gama <\/td><\/tr>\n<tr class=\"long\"><td><\/td><td> <b>Exploring how Temporal Framing Affects Trust with Time-series Visualizations  <\/b><span>long<\/span><br>Tom\u00e1s Alves, Carlota Dias, Daniel Gon\u00e7alves and Sandra Gama <\/td><\/tr>\n<tr class=\"long\"><td><\/td><td> <b>Visualizing Streaming of Ordinal Big Data  <\/b><span>long<\/span><br>Jo\u00e3o Moreira, Henrique Ferreira and Daniel Gon\u00e7alves <\/td><\/tr>\n            \n<tr class=\"journal\"><td><\/td><td> <b>How neuroticism and locus of control affect user performance in high-dimensional data visualization  <\/b><span>journal<\/span><br>Tiago Delgado, Tom\u00e1s Alves and Sandra Gama <\/td><\/tr>\n            \n<tr class=\"break\" style=\"height: 30px;\"><td>10:40<\/td><td>Coffee Break <\/td><\/tr>\n<tr id=\"session2\" class=\"session\"><td>11:00<\/td><td>Session 2: Virtual and Augmented Reality I <p>Chair: Nuno Rodrigues <\/p><\/td><\/tr>\n<tr class=\"long\"><td><\/td><td> <b>Tangible Objects in Virtual Reality for Visuo-Haptic Feedback  <\/b><span>long<\/span><br>Ana Rita Rebelo and Rui N\u00f3brega <\/td><\/tr>\n<tr class=\"long\"><td><\/td><td> <b>Virtual Reality For Training: A Computer Assembly Application  <\/b><span>long<\/span><br>Paulo Rodrigues, Hugo Coelho, Miguel Melo and Maximino Bessa <\/td><\/tr>\n<tr class=\"long\"><td><\/td><td> <b>Generic XR game-based approach for industrial training  <\/b><span>long<\/span><br>Jos\u00e9 Eduardo Santos, Lu\u00eds Gonzaga Magalh\u00e3es, Miguel Nunes, Marcelo Pires, Jos\u00e9 Rocha, Nuno Sousa, Telmo Ad\u00e3o, Cristiano Jesus, Rui Sousa, Rui Lima, Andreia Reis and Eliana Oliveira <\/td><\/tr>\n<tr class=\"short\"><td><\/td><td> <b>Virtual Reality For Training: Continental\u2019s Case Study  <\/b><span>short<\/span><br>Paulo Rodrigues, Guilherme Gon\u00e7alves, Miguel Melo, Lu\u00eds Barbosa and Maximino Bessa <\/td><\/tr>\n<tr class=\"short\"><td><\/td><td> <b>Supporting Human Operators in an Industrial Shop Floor through Pervasive Augmented Reality <\/b><span>short<\/span><br>Rafael Maio, Andre Santos, Bernardo Marques, Duarte Almeida, Pedro Ramalho, Joel Baptista, Paulo Dias and Beatriz Santos <\/td><\/tr>\n        \n<tr class=\"break\" style=\"height: 90px;\"><td>12:30<\/td><td>Lunch break <\/td><\/tr>\n<tr class=\"other\" style=\"height: 30px;\"><td>14:15<\/td><td>Jos\u00e9 Lu\u00eds Encarna\u00e7\u00e3o Award <p>Chair: Daniel Gon\u00e7alves<\/p><\/td><\/tr>\n<tr class=\"invited\" style=\"height: 60px;\"><td>14:45<\/td><td>Keynote: Sergi Berm\u00fadez I Badia <br> <span class=\"talktitle\">Personalized Applications of VR to Stroke Rehabilitation and Fitness Training<\/span><\/a><p><br>Chair: Paula Alexandra<\/p><\/td><\/tr>\n            \n<tr class=\"break\" style=\"height: 30px;\"><td>15:45<\/td><td>Coffee Break \/ Posters <\/td><\/tr>\n    \n<tr id=\"session3\" class=\"session\"><td>16:15<\/td><td>Session 3: Computer Vision and Image Processing <p>Chair: Ant\u00f3nio Ramires<\/p>\n<tr class=\"long\"><td><\/td><td> <b>Trios: A Framework for Interactive 3D Photo Stylization on Mobile Devices <\/b><span>long<\/span><br>Ulrike Bath, Sumit Shekhar, Hendrik Tjabben, Amir Semmo, J\u00fcrgen D\u00f6llner and Matthias Trapp <\/td><\/tr>\n<tr class=\"journal\"><td><\/td><td> <b>Interactive image manipulation using morphological trees and spline-based skeletons <\/b><span>journal<\/span><br>D\u00eannis Jos\u00e9 da Silva, Jieying Wang, Jiri Kosinka, Alexandru Telea, Ronaldo Fumio Hashimoto and Jos B.T.M. Roerdink<\/td><\/tr>\n<tr class=\"short\"><td><\/td><td> <b>Building Portuguese Sign Language datasets for computational learning purposes <\/b><span>short<\/span><br>Carlos Mayea, Dibet Gonzalez, Miguel Guevara, Emanuel Peres, Lu\u00eds Magalh\u00e3es and Telmo Ad\u00e3o<\/td><\/tr>\n<tr class=\"short\"><td><\/td><td> <b>Dance and Machine Learning: A study in human-pose detection to generate new visual approaches <\/b><span>short<\/span><br>Maria Rita Nogueira, Paulo Menezes and Jos\u00e9 Ma\u00e7\u00e3s de Carvalho <\/td><\/tr>\n        \n<tr class=\"meeting\" style=\"height: 90px;\"><td>18:00<\/td><td>GPCG General Assembly (members only) <\/td><\/tr> \n<tr class=\"other\" style=\"height: 60px;\"><td>20:30<\/td><td>Social Event @ &#8220;M\u00e9lia Ria&#8221; <\/td><\/tr>\n<\/tbody><\/table>\n\n\n\n<hr class=\"wp-block-separator has-css-opacity\"\/>\n\n\n\n<h3 class=\"wp-block-heading\">Day 2 &#8211; Friday, November 4<\/h3>\n\n\n\n<table class=\"content-table2\"><tbody><tr id=\"session4\" class=\"session\"><td>09:15<\/td><td>Session 4: Computer Graphics &amp; Games<p>Chair: Ant\u00f3nio Coelho <\/p><\/td><\/tr>\n<tr class=\"short\"><td><\/td><td> <b>Digital Fishes <\/b><span> short <\/span><br>David P\u00e9rez, Nuno Rodrigues and Rita Ascenso <\/td><\/tr>\n<tr class=\"journal\"><td><\/td><td> <b>Interactive VPL-based Global Illumination on the GPU using Fuzzy Clustering <\/b><span> journal <\/span><br>Arnau Colom, Ricardo Marques and Luis Paulo Santos <\/td><\/tr>\n<tr class=\"long\"><td><\/td><td> <b>Using a Space Colonization Algorithm for Lightning Simulation <\/b><span>long<\/span><br>Nuno Reis and Ant\u00f3nio Ramires Fernandes <\/td><\/tr>\n<tr class=\"short\"><td><\/td><td> <b>Character Simulation Using Imitation Learning With Game Engine Physics <\/b><span>short<\/span><br>Jo\u00e3o Rodrigues and Rui N\u00f3brega <\/td><\/tr>\n<tr class=\"long\"><td><\/td><td> <b>Exploring Player Adaptivity through Level Design: A Platformer Case Study <\/b><span>long<\/span><br>Pedro Esteves, Jo\u00e3o Jacob and Rui Rodrigues <\/td><\/tr>\n<tr class=\"break\" style=\"height: 25px;\"><td>10:45<\/td><td>Coffee Break \/ Posters <\/td><\/tr>\n<tr class=\"invited\" style=\"height: 60px;\"><td>11:15<\/td><td>Keynote: Abel Gomes <br><span class=\"talktitle\">Surface Reconstruction from Point Clouds: Past, Present, and Future <\/span><\/a><p><br>Chair: Lu\u00eds Gonzaga<\/p><\/td><\/tr>\n<tr class=\"break\" style=\"height: 90px;\"><td>12:15<\/td><td>Lunch break <\/td><\/tr>\n        \n<tr id=\"session5\" class=\"session\"><td>14:15<\/td><td>Session 5: Virtual and Augmented Reality II<p>Chair: Daniel Mendes <\/p><\/td><\/tr>\n<tr class=\"short\"><td><\/td><td> <b>Supporting Research in Memory and Contamination through a Virtual Reality Approach <\/b><span>short<\/span><br>Diana Silva, Nat\u00e1lia Fernandes, S\u00f3nia Santos, Beatriz Pedro, Bernardo Marques, Beatriz Sousa Santos, Josefa Pandeirada and Samuel Silva<\/td><\/tr>\n<tr class=\"long\"><td><\/td><td> <b>Authoring tool for creating immersive virtual experiences expeditiously <\/b><span>long<\/span><br>Rui Machado, Ricardo Rodrigues, Hugo Coelho, Miguel Melo, Lu\u00eds Barbosa and Maximino Bessa <\/td><\/tr>\n<tr class=\"long\"><td><\/td><td> <b>Virtual reality for validation of automatic bone fracture reduction algorithms <\/b><span>long<\/span><br>Juan Jos\u00e9 Jim\u00e9nez-Delgado, Gema Parra-Cabrera, Francisco Daniel P\u00e9rez-Cano and Augusto Silva <\/td><\/tr>\n<tr class=\"short\"><td><\/td><td> <b>Understanding of the advantages of Augmented Reality in Patients with Autism <\/b><span>short<\/span><br>Anabela Marto, Henrique Almeida and Alexandrino Gon\u00e7alves<\/td><\/tr>\n<tr class=\"long\"><td><\/td><td> <b>IS3TA &#8211; Exploring augmented reality for exposure therapies <\/b><span>long<\/span><br>Marta Nunes and Paulo Menezes <\/td><\/tr>\n<\/td><\/tr><tr class=\"short\"><td><\/td><td> <b>3D-Based Pairwise Color Correction Approach for Texture Mapping Applications <\/b><span>short<\/span><br>Lucas Dal&#8217;Col, Daniel Coelho, Tiago Madeira, Paulo Dias and Miguel Oliveira<\/td><\/tr>\n<tr class=\"other\" style=\"height: 30px;\"><td>16:15<\/td><td>Awards and closing ceremony <\/td><\/tr>\n<\/tbody>    <\/table>\n\n\n\n<hr class=\"wp-block-separator has-css-opacity\"\/>\n\n\n\n<h3 class=\"wp-block-heading\">Posters<\/h3>\n\n\n\n<table class=\"content-table2\"><tbody>\n\n<tr class=\"poster\"><td> Dam Health Monitoring with VR<b> <\/b><br>Pedro Leit\u00e3o, Nuno Verdelho Trindade, S\u00e9rgio Oliveira and Alfredo Ferreira <\/td><\/tr>\n\n<tr class=\"poster\"><td> Two-Dimensional Scatterplots and Parallel Coordinates Plots in VR <b> <\/b><br> Paulo Moutinho, Daniel Mendes, Rui Rodrigues and Alexandre Carvalho<\/td><\/tr>\n\n<tr class=\"poster\"><td> Framework para Reconstru\u00e7\u00e3o e Visualiza\u00e7\u00e3o de Ambientes 3D atrav\u00e9s de Geolocaliza\u00e7\u00e3o <b>  <\/b><br> Roberto Ribeiro, Nuno Rodrigues, Filipe Sousa and Isac Amado <\/td><\/tr>\n\n\n<\/tbody><\/table>\n\n\n\n<hr class=\"wp-block-separator has-css-opacity\"\/>\n\n\n\n<h4 class=\"wp-block-heading\">All sessions will take place at DeCA, University of Aveiro &#8211; Department number 40. <br>Note: Entrance must be made through Department 21. A map of the campus can be found below.<\/h4>\n\n\n\n<figure class=\"wp-block-image size-full\"><img loading=\"lazy\" decoding=\"async\" width=\"1776\" height=\"2514\" src=\"https:\/\/gpcg.pt\/icgi2022\/wp-content\/uploads\/2022\/10\/Mapa-ICGI_V3-4.png\" alt=\"\" class=\"wp-image-2586\" srcset=\"https:\/\/gpcg.pt\/icgi2022\/wp-content\/uploads\/2022\/10\/Mapa-ICGI_V3-4.png 1776w, https:\/\/gpcg.pt\/icgi2022\/wp-content\/uploads\/2022\/10\/Mapa-ICGI_V3-4-212x300.png 212w, https:\/\/gpcg.pt\/icgi2022\/wp-content\/uploads\/2022\/10\/Mapa-ICGI_V3-4-723x1024.png 723w, https:\/\/gpcg.pt\/icgi2022\/wp-content\/uploads\/2022\/10\/Mapa-ICGI_V3-4-768x1087.png 768w, https:\/\/gpcg.pt\/icgi2022\/wp-content\/uploads\/2022\/10\/Mapa-ICGI_V3-4-1085x1536.png 1085w, https:\/\/gpcg.pt\/icgi2022\/wp-content\/uploads\/2022\/10\/Mapa-ICGI_V3-4-1447x2048.png 1447w\" sizes=\"auto, (max-width: 1776px) 100vw, 1776px\" \/><\/figure>\n\n\n\n<hr class=\"wp-block-separator has-alpha-channel-opacity\"\/>\n\n\n\n<figure class=\"wp-block-image size-large\"><img loading=\"lazy\" decoding=\"async\" width=\"1024\" height=\"32\" src=\"https:\/\/gpcg.pt\/icgi2022\/wp-content\/uploads\/2022\/06\/footerICGI2022v2-1024x32.png\" alt=\"\" class=\"wp-image-2392\" srcset=\"https:\/\/gpcg.pt\/icgi2022\/wp-content\/uploads\/2022\/06\/footerICGI2022v2-1024x32.png 1024w, https:\/\/gpcg.pt\/icgi2022\/wp-content\/uploads\/2022\/06\/footerICGI2022v2-300x9.png 300w, https:\/\/gpcg.pt\/icgi2022\/wp-content\/uploads\/2022\/06\/footerICGI2022v2-768x24.png 768w, https:\/\/gpcg.pt\/icgi2022\/wp-content\/uploads\/2022\/06\/footerICGI2022v2-1536x47.png 1536w, https:\/\/gpcg.pt\/icgi2022\/wp-content\/uploads\/2022\/06\/footerICGI2022v2-2048x63.png 2048w\" sizes=\"auto, (max-width: 1024px) 100vw, 1024px\" \/><\/figure>\n","protected":false},"excerpt":{"rendered":"<p>Overview (see detailed version below) All sessions will take place at DeCa, University of Aveiro. Thursday, November 3 2022 08:30 Reception 09:00 Opening Session 09:20 Session 1: Visualization and Interaction &#8230;<\/p>\n","protected":false},"author":5,"featured_media":0,"parent":0,"menu_order":0,"comment_status":"closed","ping_status":"closed","template":"","meta":{"footnotes":""},"class_list":["post-1679","page","type-page","status-publish","hentry"],"_links":{"self":[{"href":"https:\/\/gpcg.pt\/icgi2022\/wp-json\/wp\/v2\/pages\/1679","targetHints":{"allow":["GET"]}}],"collection":[{"href":"https:\/\/gpcg.pt\/icgi2022\/wp-json\/wp\/v2\/pages"}],"about":[{"href":"https:\/\/gpcg.pt\/icgi2022\/wp-json\/wp\/v2\/types\/page"}],"author":[{"embeddable":true,"href":"https:\/\/gpcg.pt\/icgi2022\/wp-json\/wp\/v2\/users\/5"}],"replies":[{"embeddable":true,"href":"https:\/\/gpcg.pt\/icgi2022\/wp-json\/wp\/v2\/comments?post=1679"}],"version-history":[{"count":45,"href":"https:\/\/gpcg.pt\/icgi2022\/wp-json\/wp\/v2\/pages\/1679\/revisions"}],"predecessor-version":[{"id":2621,"href":"https:\/\/gpcg.pt\/icgi2022\/wp-json\/wp\/v2\/pages\/1679\/revisions\/2621"}],"wp:attachment":[{"href":"https:\/\/gpcg.pt\/icgi2022\/wp-json\/wp\/v2\/media?parent=1679"}],"curies":[{"name":"wp","href":"https:\/\/api.w.org\/{rel}","templated":true}]}}